{"id":6405,"date":"2019-10-25T23:10:39","date_gmt":"2019-10-25T21:10:39","guid":{"rendered":"https:\/\/epwlm.com\/?page_id=6405"},"modified":"2019-10-25T23:14:05","modified_gmt":"2019-10-25T21:14:05","slug":"evenements-galas","status":"publish","type":"page","link":"https:\/\/epwlm.com\/index.php\/evenements-galas\/","title":{"rendered":"Ev\u00e8nements &#8211; Galas"},"content":{"rendered":"\t\t<div data-elementor-type=\"wp-page\" data-elementor-id=\"6405\" class=\"elementor elementor-6405\">\n\t\t\t\t\t\t<section class=\"elementor-section elementor-top-section elementor-element elementor-element-c13de65 elementor-section-boxed elementor-section-height-default elementor-section-height-default\" data-id=\"c13de65\" data-element_type=\"section\" data-e-type=\"section\">\n\t\t\t\t\t\t<div class=\"elementor-container elementor-column-gap-default\">\n\t\t\t\t\t<div class=\"elementor-column elementor-col-100 elementor-top-column elementor-element elementor-element-a0922eb\" data-id=\"a0922eb\" data-element_type=\"column\" data-e-type=\"column\">\n\t\t\t<div class=\"elementor-widget-wrap elementor-element-populated\">\n\t\t\t\t\t\t<div class=\"elementor-element elementor-element-c4c44e2 elementor-grid-eael-col-4 elementor-grid-tablet-eael-col-2 elementor-grid-mobile-eael-col-1 elementor-widget elementor-widget-eael-post-grid\" data-id=\"c4c44e2\" data-element_type=\"widget\" data-e-type=\"widget\" data-settings=\"{&quot;eael_post_grid_columns&quot;:&quot;eael-col-4&quot;,&quot;eael_post_grid_columns_tablet&quot;:&quot;eael-col-2&quot;,&quot;eael_post_grid_columns_mobile&quot;:&quot;eael-col-1&quot;}\" data-widget_type=\"eael-post-grid.default\">\n\t\t\t\t<div class=\"elementor-widget-container\">\n\t\t\t\t\t<div id=\"eael-post-grid-c4c44e2\" class=\"eael-post-grid-container\">\n            <div class=\"eael-post-grid eael-post-appender eael-post-appender-c4c44e2 eael-post-grid-style-one\" data-layout-mode=\"masonry\"><article class=\"eael-grid-post  eael-post-grid-column eael-pg-post-14852 category-2022-gala\" data-id=\"14852\">\n        <div class=\"eael-grid-post-holder\">\n            <div class=\"eael-grid-post-holder-inner\"><div class=\"eael-entry-media\"><div class=\"eael-entry-overlay fade-in\"><i class=\"fas fa-long-arrow-alt-right\" aria-hidden=\"true\"><\/i><a href=\"https:\/\/epwlm.com\/index.php\/2022\/05\/22\/14852\/\"><\/a><\/div><div class=\"eael-entry-thumbnail \">\n                <img fetchpriority=\"high\" decoding=\"async\" width=\"300\" height=\"200\" src=\"https:\/\/epwlm.com\/wp-content\/uploads\/2022\/06\/281351020_4848879188554034_2609886357973289813_n-300x200.jpg\" class=\"attachment-medium size-medium wp-image-14854\" alt=\"\" srcset=\"https:\/\/epwlm.com\/wp-content\/uploads\/2022\/06\/281351020_4848879188554034_2609886357973289813_n-300x200.jpg 300w, https:\/\/epwlm.com\/wp-content\/uploads\/2022\/06\/281351020_4848879188554034_2609886357973289813_n-1024x683.jpg 1024w, https:\/\/epwlm.com\/wp-content\/uploads\/2022\/06\/281351020_4848879188554034_2609886357973289813_n-768x512.jpg 768w, https:\/\/epwlm.com\/wp-content\/uploads\/2022\/06\/281351020_4848879188554034_2609886357973289813_n-1536x1024.jpg 1536w, https:\/\/epwlm.com\/wp-content\/uploads\/2022\/06\/281351020_4848879188554034_2609886357973289813_n-930x620.jpg 930w, https:\/\/epwlm.com\/wp-content\/uploads\/2022\/06\/281351020_4848879188554034_2609886357973289813_n-272x182.jpg 272w, https:\/\/epwlm.com\/wp-content\/uploads\/2022\/06\/281351020_4848879188554034_2609886357973289813_n.jpg 2048w\" sizes=\"(max-width: 300px) 100vw, 300px\" \/>\n            <\/div>\n        <\/div><div class=\"eael-entry-wrapper\"><header class=\"eael-entry-header\"><h2 class=\"eael-entry-title\"><a class=\"eael-grid-post-link\" href=\"https:\/\/epwlm.com\/index.php\/2022\/05\/22\/14852\/\" title=\"Gala 2022\">Gala 2022<\/a><\/h2><\/header><div class=\"eael-entry-content\">\n                        <div class=\"eael-grid-post-excerpt\"><p>Merci \u00e0 la Mairie de Wasquehal pour le partage de...<\/p><\/div>\n                    <\/div><\/div><\/div>\n        <\/div>\n    <\/article><article class=\"eael-grid-post  eael-post-grid-column eael-pg-post-14845 category-2022-gala-presse\" data-id=\"14845\">\n        <div class=\"eael-grid-post-holder\">\n            <div class=\"eael-grid-post-holder-inner\"><div class=\"eael-entry-media\"><div class=\"eael-entry-overlay fade-in\"><i class=\"fas fa-long-arrow-alt-right\" aria-hidden=\"true\"><\/i><a href=\"https:\/\/epwlm.com\/index.php\/2022\/05\/18\/gala-dans-24h\/\"><\/a><\/div><div class=\"eael-entry-thumbnail \">\n                <img decoding=\"async\" width=\"300\" height=\"201\" src=\"https:\/\/epwlm.com\/wp-content\/uploads\/2022\/06\/280773601_5473248682699051_5725840424147950481_n-300x201.jpg\" class=\"attachment-medium size-medium wp-image-14847\" alt=\"\" srcset=\"https:\/\/epwlm.com\/wp-content\/uploads\/2022\/06\/280773601_5473248682699051_5725840424147950481_n-300x201.jpg 300w, https:\/\/epwlm.com\/wp-content\/uploads\/2022\/06\/280773601_5473248682699051_5725840424147950481_n-1024x687.jpg 1024w, https:\/\/epwlm.com\/wp-content\/uploads\/2022\/06\/280773601_5473248682699051_5725840424147950481_n-768x515.jpg 768w, https:\/\/epwlm.com\/wp-content\/uploads\/2022\/06\/280773601_5473248682699051_5725840424147950481_n-930x620.jpg 930w, https:\/\/epwlm.com\/wp-content\/uploads\/2022\/06\/280773601_5473248682699051_5725840424147950481_n-272x182.jpg 272w, https:\/\/epwlm.com\/wp-content\/uploads\/2022\/06\/280773601_5473248682699051_5725840424147950481_n.jpg 1101w\" sizes=\"(max-width: 300px) 100vw, 300px\" \/>\n            <\/div>\n        <\/div><div class=\"eael-entry-wrapper\"><header class=\"eael-entry-header\"><h2 class=\"eael-entry-title\"><a class=\"eael-grid-post-link\" href=\"https:\/\/epwlm.com\/index.php\/2022\/05\/18\/gala-dans-24h\/\" title=\"Gala dans 24h\">Gala dans 24h<\/a><\/h2><\/header><div class=\"eael-entry-content\">\n                        <div class=\"eael-grid-post-excerpt\"><p>Nous y sommes \u00e0 moins de 24h du gala EPWLM....<\/p><\/div>\n                    <\/div><\/div><\/div>\n        <\/div>\n    <\/article><article class=\"eael-grid-post  eael-post-grid-column eael-pg-post-13518 category-2022-gala\" data-id=\"13518\">\n        <div class=\"eael-grid-post-holder\">\n            <div class=\"eael-grid-post-holder-inner\"><div class=\"eael-entry-media\"><div class=\"eael-entry-overlay fade-in\"><i class=\"fas fa-long-arrow-alt-right\" aria-hidden=\"true\"><\/i><a href=\"https:\/\/epwlm.com\/index.php\/2022\/01\/28\/gala-competiteurs-du-club\/\"><\/a><\/div><div class=\"eael-entry-thumbnail \">\n                <img decoding=\"async\" width=\"300\" height=\"200\" src=\"https:\/\/epwlm.com\/wp-content\/uploads\/2022\/01\/272762615_5175326102491312_2528491257569616017_n-300x200.jpg\" class=\"attachment-medium size-medium wp-image-13519\" alt=\"\" srcset=\"https:\/\/epwlm.com\/wp-content\/uploads\/2022\/01\/272762615_5175326102491312_2528491257569616017_n-300x200.jpg 300w, https:\/\/epwlm.com\/wp-content\/uploads\/2022\/01\/272762615_5175326102491312_2528491257569616017_n-1024x683.jpg 1024w, https:\/\/epwlm.com\/wp-content\/uploads\/2022\/01\/272762615_5175326102491312_2528491257569616017_n-768x512.jpg 768w, https:\/\/epwlm.com\/wp-content\/uploads\/2022\/01\/272762615_5175326102491312_2528491257569616017_n-1536x1024.jpg 1536w, https:\/\/epwlm.com\/wp-content\/uploads\/2022\/01\/272762615_5175326102491312_2528491257569616017_n-930x620.jpg 930w, https:\/\/epwlm.com\/wp-content\/uploads\/2022\/01\/272762615_5175326102491312_2528491257569616017_n-272x182.jpg 272w, https:\/\/epwlm.com\/wp-content\/uploads\/2022\/01\/272762615_5175326102491312_2528491257569616017_n.jpg 2048w\" sizes=\"(max-width: 300px) 100vw, 300px\" \/>\n            <\/div>\n        <\/div><div class=\"eael-entry-wrapper\"><header class=\"eael-entry-header\"><h2 class=\"eael-entry-title\"><a class=\"eael-grid-post-link\" href=\"https:\/\/epwlm.com\/index.php\/2022\/01\/28\/gala-competiteurs-du-club\/\" title=\"GALA comp\u00e9titeurs du club\">GALA comp\u00e9titeurs du club<\/a><\/h2><\/header><div class=\"eael-entry-content\">\n                        <div class=\"eael-grid-post-excerpt\"><p>Encore un grand merci au photographe de la MEL pour...<\/p><\/div>\n                    <\/div><\/div><\/div>\n        <\/div>\n    <\/article><article class=\"eael-grid-post  eael-post-grid-column eael-pg-post-13454 category-2022-gala\" data-id=\"13454\">\n        <div class=\"eael-grid-post-holder\">\n            <div class=\"eael-grid-post-holder-inner\"><div class=\"eael-entry-media\"><div class=\"eael-entry-overlay fade-in\"><i class=\"fas fa-long-arrow-alt-right\" aria-hidden=\"true\"><\/i><a href=\"https:\/\/epwlm.com\/index.php\/2022\/01\/18\/gala-2022-denys-strekalin-et-lola-esbrat\/\"><\/a><\/div><div class=\"eael-entry-thumbnail \">\n                <img loading=\"lazy\" decoding=\"async\" width=\"300\" height=\"167\" src=\"https:\/\/epwlm.com\/wp-content\/uploads\/2022\/01\/Capture-decran-2022-01-22-093943-300x167.png\" class=\"attachment-medium size-medium wp-image-13455\" alt=\"\" srcset=\"https:\/\/epwlm.com\/wp-content\/uploads\/2022\/01\/Capture-decran-2022-01-22-093943-300x167.png 300w, https:\/\/epwlm.com\/wp-content\/uploads\/2022\/01\/Capture-decran-2022-01-22-093943-768x428.png 768w, https:\/\/epwlm.com\/wp-content\/uploads\/2022\/01\/Capture-decran-2022-01-22-093943.png 812w\" sizes=\"(max-width: 300px) 100vw, 300px\" \/>\n            <\/div>\n        <\/div><div class=\"eael-entry-wrapper\"><header class=\"eael-entry-header\"><h2 class=\"eael-entry-title\"><a class=\"eael-grid-post-link\" href=\"https:\/\/epwlm.com\/index.php\/2022\/01\/18\/gala-2022-denys-strekalin-et-lola-esbrat\/\" title=\"Gala 2022 &#8211; Denys Strekalin et Lola ESBRAT\">Gala 2022 &#8211; Denys Strekalin et Lola ESBRAT<\/a><\/h2><\/header><div class=\"eael-entry-content\">\n                        <div class=\"eael-grid-post-excerpt\"><p>Retour en images sur le GALA des comp\u00e9titeurs de l&#8217;EPWLM...<\/p><\/div>\n                    <\/div><\/div><\/div>\n        <\/div>\n    <\/article><article class=\"eael-grid-post  eael-post-grid-column eael-pg-post-13443 category-2022-gala\" data-id=\"13443\">\n        <div class=\"eael-grid-post-holder\">\n            <div class=\"eael-grid-post-holder-inner\"><div class=\"eael-entry-media\"><div class=\"eael-entry-overlay fade-in\"><i class=\"fas fa-long-arrow-alt-right\" aria-hidden=\"true\"><\/i><a href=\"https:\/\/epwlm.com\/index.php\/2022\/01\/13\/merci-a-tous\/\"><\/a><\/div><div class=\"eael-entry-thumbnail \">\n                <img loading=\"lazy\" decoding=\"async\" width=\"300\" height=\"300\" src=\"https:\/\/epwlm.com\/wp-content\/uploads\/2022\/01\/271643358_1746136175580107_6277360258088209703_n-300x300.jpg\" class=\"attachment-medium size-medium wp-image-13444\" alt=\"\" srcset=\"https:\/\/epwlm.com\/wp-content\/uploads\/2022\/01\/271643358_1746136175580107_6277360258088209703_n-300x300.jpg 300w, https:\/\/epwlm.com\/wp-content\/uploads\/2022\/01\/271643358_1746136175580107_6277360258088209703_n-1019x1024.jpg 1019w, https:\/\/epwlm.com\/wp-content\/uploads\/2022\/01\/271643358_1746136175580107_6277360258088209703_n-150x150.jpg 150w, https:\/\/epwlm.com\/wp-content\/uploads\/2022\/01\/271643358_1746136175580107_6277360258088209703_n-768x771.jpg 768w, https:\/\/epwlm.com\/wp-content\/uploads\/2022\/01\/271643358_1746136175580107_6277360258088209703_n-1529x1536.jpg 1529w, https:\/\/epwlm.com\/wp-content\/uploads\/2022\/01\/271643358_1746136175580107_6277360258088209703_n.jpg 1784w\" sizes=\"(max-width: 300px) 100vw, 300px\" \/>\n            <\/div>\n        <\/div><div class=\"eael-entry-wrapper\"><header class=\"eael-entry-header\"><h2 class=\"eael-entry-title\"><a class=\"eael-grid-post-link\" href=\"https:\/\/epwlm.com\/index.php\/2022\/01\/13\/merci-a-tous\/\" title=\"Merci \u00e0 tous !\">Merci \u00e0 tous !<\/a><\/h2><\/header><div class=\"eael-entry-content\">\n                        <div class=\"eael-grid-post-excerpt\"><p>merci aux patineurs , b\u00e9n\u00e9voles, entraineurs pour cette soir\u00e9e anim\u00e9e...<\/p><\/div>\n                    <\/div><\/div><\/div>\n        <\/div>\n    <\/article><article class=\"eael-grid-post  eael-post-grid-column eael-pg-post-13440 category-2022-gala\" data-id=\"13440\">\n        <div class=\"eael-grid-post-holder\">\n            <div class=\"eael-grid-post-holder-inner\"><div class=\"eael-entry-media\"><div class=\"eael-entry-overlay fade-in\"><i class=\"fas fa-long-arrow-alt-right\" aria-hidden=\"true\"><\/i><a href=\"https:\/\/epwlm.com\/index.php\/2022\/01\/13\/gala-des-competiteurs-guest-stars\/\"><\/a><\/div><div class=\"eael-entry-thumbnail \">\n                <img loading=\"lazy\" decoding=\"async\" width=\"300\" height=\"151\" src=\"https:\/\/epwlm.com\/wp-content\/uploads\/2022\/01\/271861605_5110903592266897_6242646625322806219_n-300x151.png\" class=\"attachment-medium size-medium wp-image-13441\" alt=\"\" srcset=\"https:\/\/epwlm.com\/wp-content\/uploads\/2022\/01\/271861605_5110903592266897_6242646625322806219_n-300x151.png 300w, https:\/\/epwlm.com\/wp-content\/uploads\/2022\/01\/271861605_5110903592266897_6242646625322806219_n-1024x514.png 1024w, https:\/\/epwlm.com\/wp-content\/uploads\/2022\/01\/271861605_5110903592266897_6242646625322806219_n-768x385.png 768w, https:\/\/epwlm.com\/wp-content\/uploads\/2022\/01\/271861605_5110903592266897_6242646625322806219_n.png 1054w\" sizes=\"(max-width: 300px) 100vw, 300px\" \/>\n            <\/div>\n        <\/div><div class=\"eael-entry-wrapper\"><header class=\"eael-entry-header\"><h2 class=\"eael-entry-title\"><a class=\"eael-grid-post-link\" href=\"https:\/\/epwlm.com\/index.php\/2022\/01\/13\/gala-des-competiteurs-guest-stars\/\" title=\"Gala des comp\u00e9titeurs &#8211; Guest stars\">Gala des comp\u00e9titeurs &#8211; Guest stars<\/a><\/h2><\/header><div class=\"eael-entry-content\">\n                        <div class=\"eael-grid-post-excerpt\"><p>Ce soir \u00e0 Wasquehal nous aurons le plaisir d&#8217;accueillir 2...<\/p><\/div>\n                    <\/div><\/div><\/div>\n        <\/div>\n    <\/article><article class=\"eael-grid-post  eael-post-grid-column eael-pg-post-13437 category-2022-gala\" data-id=\"13437\">\n        <div class=\"eael-grid-post-holder\">\n            <div class=\"eael-grid-post-holder-inner\"><div class=\"eael-entry-media\"><div class=\"eael-entry-overlay fade-in\"><i class=\"fas fa-long-arrow-alt-right\" aria-hidden=\"true\"><\/i><a href=\"https:\/\/epwlm.com\/index.php\/2022\/01\/10\/gala-des-competiteurs-2022\/\"><\/a><\/div><div class=\"eael-entry-thumbnail \">\n                <img loading=\"lazy\" decoding=\"async\" width=\"300\" height=\"159\" src=\"https:\/\/epwlm.com\/wp-content\/uploads\/2022\/01\/Capture-decran-2022-01-22-092113-300x159.png\" class=\"attachment-medium size-medium wp-image-13438\" alt=\"\" srcset=\"https:\/\/epwlm.com\/wp-content\/uploads\/2022\/01\/Capture-decran-2022-01-22-092113-300x159.png 300w, https:\/\/epwlm.com\/wp-content\/uploads\/2022\/01\/Capture-decran-2022-01-22-092113.png 615w\" sizes=\"(max-width: 300px) 100vw, 300px\" \/>\n            <\/div>\n        <\/div><div class=\"eael-entry-wrapper\"><header class=\"eael-entry-header\"><h2 class=\"eael-entry-title\"><a class=\"eael-grid-post-link\" href=\"https:\/\/epwlm.com\/index.php\/2022\/01\/10\/gala-des-competiteurs-2022\/\" title=\"Gala des comp\u00e9titeurs 2022\">Gala des comp\u00e9titeurs 2022<\/a><\/h2><\/header><div class=\"eael-entry-content\">\n                        <div class=\"eael-grid-post-excerpt\"><p>Cliquer pour le Teaser du Gala de Noel https:\/\/vimeo.com\/662340795\/8b62400dc0 Merci...<\/p><\/div>\n                    <\/div><\/div><\/div>\n        <\/div>\n    <\/article><article class=\"eael-grid-post  eael-post-grid-column eael-pg-post-13323 category-2021-gala-presse\" data-id=\"13323\">\n        <div class=\"eael-grid-post-holder\">\n            <div class=\"eael-grid-post-holder-inner\"><div class=\"eael-entry-media\"><div class=\"eael-entry-overlay fade-in\"><i class=\"fas fa-long-arrow-alt-right\" aria-hidden=\"true\"><\/i><a href=\"https:\/\/epwlm.com\/index.php\/2022\/01\/09\/gala-des-competiteurs-2022-tickets-en-ligne\/\"><\/a><\/div><div class=\"eael-entry-thumbnail \">\n                <img loading=\"lazy\" decoding=\"async\" width=\"209\" height=\"300\" src=\"https:\/\/epwlm.com\/wp-content\/uploads\/2022\/01\/271654458_5095789473778309_3877699456784605253_n-209x300.png\" class=\"attachment-medium size-medium wp-image-13326\" alt=\"\" srcset=\"https:\/\/epwlm.com\/wp-content\/uploads\/2022\/01\/271654458_5095789473778309_3877699456784605253_n-209x300.png 209w, https:\/\/epwlm.com\/wp-content\/uploads\/2022\/01\/271654458_5095789473778309_3877699456784605253_n.png 544w\" sizes=\"(max-width: 209px) 100vw, 209px\" \/>\n            <\/div>\n        <\/div><div class=\"eael-entry-wrapper\"><header class=\"eael-entry-header\"><h2 class=\"eael-entry-title\"><a class=\"eael-grid-post-link\" href=\"https:\/\/epwlm.com\/index.php\/2022\/01\/09\/gala-des-competiteurs-2022-tickets-en-ligne\/\" title=\"Gala des comp\u00e9titeurs 2022 &#8211; tickets en ligne\">Gala des comp\u00e9titeurs 2022 &#8211; tickets en ligne<\/a><\/h2><\/header><div class=\"eael-entry-content\">\n                        <div class=\"eael-grid-post-excerpt\"><p>J-5 du Gala des comp\u00e9titeurs&#8230;En quelques clics venez les soutenir...<\/p><\/div>\n                    <\/div><\/div><\/div>\n        <\/div>\n    <\/article><article class=\"eael-grid-post  eael-post-grid-column eael-pg-post-13163 category-2021-gala-presse\" data-id=\"13163\">\n        <div class=\"eael-grid-post-holder\">\n            <div class=\"eael-grid-post-holder-inner\"><div class=\"eael-entry-media\"><div class=\"eael-entry-overlay fade-in\"><i class=\"fas fa-long-arrow-alt-right\" aria-hidden=\"true\"><\/i><a href=\"https:\/\/epwlm.com\/index.php\/2021\/12\/02\/gala-de-noel-2021-tickets-en-ligne\/\"><\/a><\/div><div class=\"eael-entry-thumbnail \">\n                <img loading=\"lazy\" decoding=\"async\" width=\"300\" height=\"160\" src=\"https:\/\/epwlm.com\/wp-content\/uploads\/2021\/12\/weezeventsGaladenoel2021-300x160.png\" class=\"attachment-medium size-medium wp-image-13165\" alt=\"\" srcset=\"https:\/\/epwlm.com\/wp-content\/uploads\/2021\/12\/weezeventsGaladenoel2021-300x160.png 300w, https:\/\/epwlm.com\/wp-content\/uploads\/2021\/12\/weezeventsGaladenoel2021-1024x544.png 1024w, https:\/\/epwlm.com\/wp-content\/uploads\/2021\/12\/weezeventsGaladenoel2021-768x408.png 768w, https:\/\/epwlm.com\/wp-content\/uploads\/2021\/12\/weezeventsGaladenoel2021.png 1326w\" sizes=\"(max-width: 300px) 100vw, 300px\" \/>\n            <\/div>\n        <\/div><div class=\"eael-entry-wrapper\"><header class=\"eael-entry-header\"><h2 class=\"eael-entry-title\"><a class=\"eael-grid-post-link\" href=\"https:\/\/epwlm.com\/index.php\/2021\/12\/02\/gala-de-noel-2021-tickets-en-ligne\/\" title=\"Gala de No\u00ebl 2021 &#8211; tickets en ligne\">Gala de No\u00ebl 2021 &#8211; tickets en ligne<\/a><\/h2><\/header><div class=\"eael-entry-content\">\n                        <div class=\"eael-grid-post-excerpt\"><p>Prenez vos places pour le Gala en ligne : GALA...<\/p><\/div>\n                    <\/div><\/div><\/div>\n        <\/div>\n    <\/article><article class=\"eael-grid-post  eael-post-grid-column eael-pg-post-13107 category-2021-gala-presse\" data-id=\"13107\">\n        <div class=\"eael-grid-post-holder\">\n            <div class=\"eael-grid-post-holder-inner\"><div class=\"eael-entry-media\"><div class=\"eael-entry-overlay fade-in\"><i class=\"fas fa-long-arrow-alt-right\" aria-hidden=\"true\"><\/i><a href=\"https:\/\/epwlm.com\/index.php\/2021\/12\/02\/ouverture-du-match-de-hockey-les-lions-de-wasquehal-contre-valenciennes\/\"><\/a><\/div><div class=\"eael-entry-thumbnail \">\n                <img loading=\"lazy\" decoding=\"async\" width=\"300\" height=\"150\" src=\"https:\/\/epwlm.com\/wp-content\/uploads\/2021\/12\/Capture-decran-2021-12-02-144815-300x150.png\" class=\"attachment-medium size-medium wp-image-13109\" alt=\"\" srcset=\"https:\/\/epwlm.com\/wp-content\/uploads\/2021\/12\/Capture-decran-2021-12-02-144815-300x150.png 300w, https:\/\/epwlm.com\/wp-content\/uploads\/2021\/12\/Capture-decran-2021-12-02-144815-768x385.png 768w, https:\/\/epwlm.com\/wp-content\/uploads\/2021\/12\/Capture-decran-2021-12-02-144815.png 931w\" sizes=\"(max-width: 300px) 100vw, 300px\" \/>\n            <\/div>\n        <\/div><div class=\"eael-entry-wrapper\"><header class=\"eael-entry-header\"><h2 class=\"eael-entry-title\"><a class=\"eael-grid-post-link\" href=\"https:\/\/epwlm.com\/index.php\/2021\/12\/02\/ouverture-du-match-de-hockey-les-lions-de-wasquehal-contre-valenciennes\/\" title=\"Ouverture du match de hockey les lions de Wasquehal contre Valenciennes\">Ouverture du match de hockey les lions de Wasquehal contre Valenciennes<\/a><\/h2><\/header><div class=\"eael-entry-content\">\n                        <div class=\"eael-grid-post-excerpt\"><p>Merci a Elio et taiana pour cette prestation en ouverture...<\/p><\/div>\n                    <\/div><\/div><\/div>\n        <\/div>\n    <\/article><article class=\"eael-grid-post  eael-post-grid-column eael-pg-post-13105 category-2021-gala-stages\" data-id=\"13105\">\n        <div class=\"eael-grid-post-holder\">\n            <div class=\"eael-grid-post-holder-inner\"><div class=\"eael-entry-wrapper\"><header class=\"eael-entry-header\"><h2 class=\"eael-entry-title\"><a class=\"eael-grid-post-link\" href=\"https:\/\/epwlm.com\/index.php\/2021\/11\/22\/medailles\/\" title=\"M\u00e9dailles\">M\u00e9dailles<\/a><\/h2><\/header><div class=\"eael-entry-content\">\n                        <div class=\"eael-grid-post-excerpt\"><p>F\u00e9licitations \u00e0 nos 2 patineuses qui valident officiellement leur medaille...<\/p><\/div>\n                    <\/div><\/div><\/div>\n        <\/div>\n    <\/article><article class=\"eael-grid-post  eael-post-grid-column eael-pg-post-7852 category-2019-boutique-gala\" data-id=\"7852\">\n        <div class=\"eael-grid-post-holder\">\n            <div class=\"eael-grid-post-holder-inner\"><div class=\"eael-entry-media\"><div class=\"eael-entry-overlay fade-in\"><i class=\"fas fa-long-arrow-alt-right\" aria-hidden=\"true\"><\/i><a href=\"https:\/\/epwlm.com\/index.php\/2020\/01\/26\/films-gala-de-noel-loisirs\/\"><\/a><\/div><div class=\"eael-entry-thumbnail \">\n                <img loading=\"lazy\" decoding=\"async\" width=\"201\" height=\"115\" src=\"https:\/\/epwlm.com\/wp-content\/uploads\/2020\/01\/filmAvendre.png\" class=\"attachment-medium size-medium wp-image-7818\" alt=\"\" \/>\n            <\/div>\n        <\/div><div class=\"eael-entry-wrapper\"><header class=\"eael-entry-header\"><h2 class=\"eael-entry-title\"><a class=\"eael-grid-post-link\" href=\"https:\/\/epwlm.com\/index.php\/2020\/01\/26\/films-gala-de-noel-loisirs\/\" title=\"Film GALA de No\u00ebl Loisirs\">Film GALA de No\u00ebl Loisirs<\/a><\/h2><\/header><div class=\"eael-entry-content\">\n                        <div class=\"eael-grid-post-excerpt\"><p>EPWLM vous propose le film GALA de NOEL Loisirs pour...<\/p><\/div>\n                    <\/div><\/div><\/div>\n        <\/div>\n    <\/article><article class=\"eael-grid-post  eael-post-grid-column eael-pg-post-7813 category-boutique-gala\" data-id=\"7813\">\n        <div class=\"eael-grid-post-holder\">\n            <div class=\"eael-grid-post-holder-inner\"><div class=\"eael-entry-media\"><div class=\"eael-entry-overlay fade-in\"><i class=\"fas fa-long-arrow-alt-right\" aria-hidden=\"true\"><\/i><a href=\"https:\/\/epwlm.com\/index.php\/2020\/01\/25\/films-gala-de-noel-loisirs-gala-competiteur\/\"><\/a><\/div><div class=\"eael-entry-thumbnail \">\n                <img loading=\"lazy\" decoding=\"async\" width=\"201\" height=\"115\" src=\"https:\/\/epwlm.com\/wp-content\/uploads\/2020\/01\/filmAvendre.png\" class=\"attachment-medium size-medium wp-image-7818\" alt=\"\" \/>\n            <\/div>\n        <\/div><div class=\"eael-entry-wrapper\"><header class=\"eael-entry-header\"><h2 class=\"eael-entry-title\"><a class=\"eael-grid-post-link\" href=\"https:\/\/epwlm.com\/index.php\/2020\/01\/25\/films-gala-de-noel-loisirs-gala-competiteur\/\" title=\"Film  GALA Comp\u00e9titeurs\">Film  GALA Comp\u00e9titeurs<\/a><\/h2><\/header><div class=\"eael-entry-content\">\n                        <div class=\"eael-grid-post-excerpt\"><p>EPWLM vous propose le film GALA COMPETITEURS pour 10\u20ac (paypal)...<\/p><\/div>\n                    <\/div><\/div><\/div>\n        <\/div>\n    <\/article><article class=\"eael-grid-post  eael-post-grid-column eael-pg-post-7872 category-2019-gala\" data-id=\"7872\">\n        <div class=\"eael-grid-post-holder\">\n            <div class=\"eael-grid-post-holder-inner\"><div class=\"eael-entry-wrapper\"><header class=\"eael-entry-header\"><h2 class=\"eael-entry-title\"><a class=\"eael-grid-post-link\" href=\"https:\/\/epwlm.com\/index.php\/2020\/01\/18\/gala-de-noel-2019-2\/\" title=\"Gala de No\u00ebl 2019\">Gala de No\u00ebl 2019<\/a><\/h2><\/header><div class=\"eael-entry-content\">\n                        <div class=\"eael-grid-post-excerpt\"><p>https:\/\/www.facebook.com\/204687126221926\/videos\/2549010398722102\/<\/p><\/div>\n                    <\/div><\/div><\/div>\n        <\/div>\n    <\/article><article class=\"eael-grid-post  eael-post-grid-column eael-pg-post-6895 category-2019-gala-non-classe\" data-id=\"6895\">\n        <div class=\"eael-grid-post-holder\">\n            <div class=\"eael-grid-post-holder-inner\"><div class=\"eael-entry-media\"><div class=\"eael-entry-overlay fade-in\"><i class=\"fas fa-long-arrow-alt-right\" aria-hidden=\"true\"><\/i><a href=\"https:\/\/epwlm.com\/index.php\/2019\/12\/29\/gala-des-competiteurs-14-janvier-2020\/\"><\/a><\/div><div class=\"eael-entry-thumbnail \">\n                <img loading=\"lazy\" decoding=\"async\" width=\"212\" height=\"300\" src=\"https:\/\/epwlm.com\/wp-content\/uploads\/2019\/12\/GALA-COMPE\u0301TITEUR-2020-WEBsp-212x300.jpg\" class=\"attachment-medium size-medium wp-image-6910\" alt=\"\" srcset=\"https:\/\/epwlm.com\/wp-content\/uploads\/2019\/12\/GALA-COMPE\u0301TITEUR-2020-WEBsp-212x300.jpg 212w, https:\/\/epwlm.com\/wp-content\/uploads\/2019\/12\/GALA-COMPE\u0301TITEUR-2020-WEBsp-724x1024.jpg 724w, https:\/\/epwlm.com\/wp-content\/uploads\/2019\/12\/GALA-COMPE\u0301TITEUR-2020-WEBsp-768x1086.jpg 768w, https:\/\/epwlm.com\/wp-content\/uploads\/2019\/12\/GALA-COMPE\u0301TITEUR-2020-WEBsp-1086x1536.jpg 1086w, https:\/\/epwlm.com\/wp-content\/uploads\/2019\/12\/GALA-COMPE\u0301TITEUR-2020-WEBsp-1448x2048.jpg 1448w, https:\/\/epwlm.com\/wp-content\/uploads\/2019\/12\/GALA-COMPE\u0301TITEUR-2020-WEBsp-600x849.jpg 600w, https:\/\/epwlm.com\/wp-content\/uploads\/2019\/12\/GALA-COMPE\u0301TITEUR-2020-WEBsp-scaled.jpg 1810w\" sizes=\"(max-width: 212px) 100vw, 212px\" \/>\n            <\/div>\n        <\/div><div class=\"eael-entry-wrapper\"><header class=\"eael-entry-header\"><h2 class=\"eael-entry-title\"><a class=\"eael-grid-post-link\" href=\"https:\/\/epwlm.com\/index.php\/2019\/12\/29\/gala-des-competiteurs-14-janvier-2020\/\" title=\"Gala des comp\u00e9titeurs 14 Janvier 2020\">Gala des comp\u00e9titeurs 14 Janvier 2020<\/a><\/h2><\/header><div class=\"eael-entry-content\">\n                        <div class=\"eael-grid-post-excerpt\"><p>R\u00e9servez votre acc\u00e8s &#8220;bar \u00e0 champagne&#8221; (5\u20ac &#8211; coupe LANSON...<\/p><\/div>\n                    <\/div><\/div><\/div>\n        <\/div>\n    <\/article><article class=\"eael-grid-post  eael-post-grid-column eael-pg-post-6679 category-2019-gala\" data-id=\"6679\">\n        <div class=\"eael-grid-post-holder\">\n            <div class=\"eael-grid-post-holder-inner\"><div class=\"eael-entry-media\"><div class=\"eael-entry-overlay fade-in\"><i class=\"fas fa-long-arrow-alt-right\" aria-hidden=\"true\"><\/i><a href=\"https:\/\/epwlm.com\/index.php\/2019\/12\/08\/gagner-des-places-pour-le-gala\/\"><\/a><\/div><div class=\"eael-entry-thumbnail \">\n                <img loading=\"lazy\" decoding=\"async\" width=\"212\" height=\"300\" src=\"https:\/\/epwlm.com\/wp-content\/uploads\/2019\/12\/AFFICHE-A4-GALA-FIN-DANN\u00c9E-2019-212x300.jpg\" class=\"attachment-medium size-medium wp-image-6680\" alt=\"\" srcset=\"https:\/\/epwlm.com\/wp-content\/uploads\/2019\/12\/AFFICHE-A4-GALA-FIN-DANN\u00c9E-2019-212x300.jpg 212w, https:\/\/epwlm.com\/wp-content\/uploads\/2019\/12\/AFFICHE-A4-GALA-FIN-DANN\u00c9E-2019-724x1024.jpg 724w, https:\/\/epwlm.com\/wp-content\/uploads\/2019\/12\/AFFICHE-A4-GALA-FIN-DANN\u00c9E-2019-768x1086.jpg 768w, https:\/\/epwlm.com\/wp-content\/uploads\/2019\/12\/AFFICHE-A4-GALA-FIN-DANN\u00c9E-2019-1086x1536.jpg 1086w, https:\/\/epwlm.com\/wp-content\/uploads\/2019\/12\/AFFICHE-A4-GALA-FIN-DANN\u00c9E-2019-1448x2048.jpg 1448w, https:\/\/epwlm.com\/wp-content\/uploads\/2019\/12\/AFFICHE-A4-GALA-FIN-DANN\u00c9E-2019-scaled.jpg 1810w\" sizes=\"(max-width: 212px) 100vw, 212px\" \/>\n            <\/div>\n        <\/div><div class=\"eael-entry-wrapper\"><header class=\"eael-entry-header\"><h2 class=\"eael-entry-title\"><a class=\"eael-grid-post-link\" href=\"https:\/\/epwlm.com\/index.php\/2019\/12\/08\/gagner-des-places-pour-le-gala\/\" title=\"Gagner des places pour le gala\">Gagner des places pour le gala<\/a><\/h2><\/header><div class=\"eael-entry-content\">\n                        <div class=\"eael-grid-post-excerpt\"><p>A l&#8217;occasion du gala de No\u00ebl du club\u26f8\ufe0f\u26f8\ufe0f.. Nous souhaitons...<\/p><\/div>\n                    <\/div><\/div><\/div>\n        <\/div>\n    <\/article><article class=\"eael-grid-post  eael-post-grid-column eael-pg-post-6644 category-2019-competition-synchro-gala\" data-id=\"6644\">\n        <div class=\"eael-grid-post-holder\">\n            <div class=\"eael-grid-post-holder-inner\"><div class=\"eael-entry-media\"><div class=\"eael-entry-overlay fade-in\"><i class=\"fas fa-long-arrow-alt-right\" aria-hidden=\"true\"><\/i><a href=\"https:\/\/epwlm.com\/index.php\/2019\/12\/01\/demonstration-des-novice-b-lors-du-match-des-lions\/\"><\/a><\/div><div class=\"eael-entry-thumbnail \">\n                <img loading=\"lazy\" decoding=\"async\" width=\"300\" height=\"200\" src=\"https:\/\/epwlm.com\/wp-content\/uploads\/2019\/12\/78747481_2872409766116302_3994545152667418624_o-300x200.jpg\" class=\"attachment-medium size-medium wp-image-6655\" alt=\"\" srcset=\"https:\/\/epwlm.com\/wp-content\/uploads\/2019\/12\/78747481_2872409766116302_3994545152667418624_o-300x200.jpg 300w, https:\/\/epwlm.com\/wp-content\/uploads\/2019\/12\/78747481_2872409766116302_3994545152667418624_o-768x511.jpg 768w, https:\/\/epwlm.com\/wp-content\/uploads\/2019\/12\/78747481_2872409766116302_3994545152667418624_o-272x182.jpg 272w, https:\/\/epwlm.com\/wp-content\/uploads\/2019\/12\/78747481_2872409766116302_3994545152667418624_o.jpg 960w\" sizes=\"(max-width: 300px) 100vw, 300px\" \/>\n            <\/div>\n        <\/div><div class=\"eael-entry-wrapper\"><header class=\"eael-entry-header\"><h2 class=\"eael-entry-title\"><a class=\"eael-grid-post-link\" href=\"https:\/\/epwlm.com\/index.php\/2019\/12\/01\/demonstration-des-novice-b-lors-du-match-des-lions\/\" title=\"Synchro &#8211; D\u00e9monstration des Novice B lors du Match des Lions\">Synchro &#8211; D\u00e9monstration des Novice B lors du Match des Lions<\/a><\/h2><\/header><div class=\"eael-entry-content\">\n                        <div class=\"eael-grid-post-excerpt\"><p>Avant les r\u00e9sultats de nos comp\u00e9titeurs Artistiques et Danseurs retour...<\/p><\/div>\n                    <\/div><\/div><\/div>\n        <\/div>\n    <\/article><article class=\"eael-grid-post  eael-post-grid-column eael-pg-post-6515 category-2019-gala\" data-id=\"6515\">\n        <div class=\"eael-grid-post-holder\">\n            <div class=\"eael-grid-post-holder-inner\"><div class=\"eael-entry-media\"><div class=\"eael-entry-overlay fade-in\"><i class=\"fas fa-long-arrow-alt-right\" aria-hidden=\"true\"><\/i><a href=\"https:\/\/epwlm.com\/index.php\/2019\/11\/21\/gala-de-noel-2019\/\"><\/a><\/div><div class=\"eael-entry-thumbnail \">\n                <img loading=\"lazy\" decoding=\"async\" width=\"212\" height=\"300\" src=\"https:\/\/epwlm.com\/wp-content\/uploads\/2019\/11\/AFFICHE-A4-GALA-FIN-DANN\u00c9E-2019-212x300.jpg\" class=\"attachment-medium size-medium wp-image-6516\" alt=\"\" srcset=\"https:\/\/epwlm.com\/wp-content\/uploads\/2019\/11\/AFFICHE-A4-GALA-FIN-DANN\u00c9E-2019-212x300.jpg 212w, https:\/\/epwlm.com\/wp-content\/uploads\/2019\/11\/AFFICHE-A4-GALA-FIN-DANN\u00c9E-2019-724x1024.jpg 724w, https:\/\/epwlm.com\/wp-content\/uploads\/2019\/11\/AFFICHE-A4-GALA-FIN-DANN\u00c9E-2019-768x1086.jpg 768w, https:\/\/epwlm.com\/wp-content\/uploads\/2019\/11\/AFFICHE-A4-GALA-FIN-DANN\u00c9E-2019-1086x1536.jpg 1086w, https:\/\/epwlm.com\/wp-content\/uploads\/2019\/11\/AFFICHE-A4-GALA-FIN-DANN\u00c9E-2019-1448x2048.jpg 1448w, https:\/\/epwlm.com\/wp-content\/uploads\/2019\/11\/AFFICHE-A4-GALA-FIN-DANN\u00c9E-2019-scaled.jpg 1810w\" sizes=\"(max-width: 212px) 100vw, 212px\" \/>\n            <\/div>\n        <\/div><div class=\"eael-entry-wrapper\"><header class=\"eael-entry-header\"><h2 class=\"eael-entry-title\"><a class=\"eael-grid-post-link\" href=\"https:\/\/epwlm.com\/index.php\/2019\/11\/21\/gala-de-noel-2019\/\" title=\"GALA DE NOEL 2019\">GALA DE NOEL 2019<\/a><\/h2><\/header><div class=\"eael-entry-content\">\n                        <div class=\"eael-grid-post-excerpt\"><p><\/p><\/div>\n                    <\/div><\/div><\/div>\n        <\/div>\n    <\/article><article class=\"eael-grid-post  eael-post-grid-column eael-pg-post-5491 category-2019-gala\" data-id=\"5491\">\n        <div class=\"eael-grid-post-holder\">\n            <div class=\"eael-grid-post-holder-inner\"><div class=\"eael-entry-media\"><div class=\"eael-entry-overlay fade-in\"><i class=\"fas fa-long-arrow-alt-right\" aria-hidden=\"true\"><\/i><a href=\"https:\/\/epwlm.com\/index.php\/2019\/05\/05\/gala-ou-kermesse-epwlm\/\"><\/a><\/div><div class=\"eael-entry-thumbnail \">\n                <img loading=\"lazy\" decoding=\"async\" width=\"294\" height=\"171\" src=\"https:\/\/epwlm.com\/wp-content\/uploads\/2019\/01\/index.jpg\" class=\"attachment-medium size-medium wp-image-5428\" alt=\"\" \/>\n            <\/div>\n        <\/div><div class=\"eael-entry-wrapper\"><header class=\"eael-entry-header\"><h2 class=\"eael-entry-title\"><a class=\"eael-grid-post-link\" href=\"https:\/\/epwlm.com\/index.php\/2019\/05\/05\/gala-ou-kermesse-epwlm\/\" title=\"GALA OU KERMESSE EPWLM\">GALA OU KERMESSE EPWLM<\/a><\/h2><\/header><div class=\"eael-entry-content\">\n                        <div class=\"eael-grid-post-excerpt\"><p>Soir\u00e9e Club EPWLM dimanche 12 MAI 2019 La patinoire fermera...<\/p><\/div>\n                    <\/div><\/div><\/div>\n        <\/div>\n    <\/article><article class=\"eael-grid-post  eael-post-grid-column eael-pg-post-5614 category-2019-gala-wasquehal\" data-id=\"5614\">\n        <div class=\"eael-grid-post-holder\">\n            <div class=\"eael-grid-post-holder-inner\"><div class=\"eael-entry-media\"><div class=\"eael-entry-overlay fade-in\"><i class=\"fas fa-long-arrow-alt-right\" aria-hidden=\"true\"><\/i><a href=\"https:\/\/epwlm.com\/index.php\/2019\/02\/22\/gala-des-competiteurs-de-janvier-2019\/\"><\/a><\/div><div class=\"eael-entry-thumbnail \">\n                <img loading=\"lazy\" decoding=\"async\" width=\"300\" height=\"169\" src=\"https:\/\/epwlm.com\/wp-content\/uploads\/2019\/02\/gala2019-300x169.png\" class=\"attachment-medium size-medium wp-image-5621\" alt=\"\" srcset=\"https:\/\/epwlm.com\/wp-content\/uploads\/2019\/02\/gala2019-300x169.png 300w, https:\/\/epwlm.com\/wp-content\/uploads\/2019\/02\/gala2019-768x432.png 768w, https:\/\/epwlm.com\/wp-content\/uploads\/2019\/02\/gala2019.png 837w\" sizes=\"(max-width: 300px) 100vw, 300px\" \/>\n            <\/div>\n        <\/div><div class=\"eael-entry-wrapper\"><header class=\"eael-entry-header\"><h2 class=\"eael-entry-title\"><a class=\"eael-grid-post-link\" href=\"https:\/\/epwlm.com\/index.php\/2019\/02\/22\/gala-des-competiteurs-de-janvier-2019\/\" title=\"Gala des comp\u00e9titeurs de janvier 2019\">Gala des comp\u00e9titeurs de janvier 2019<\/a><\/h2><\/header><div class=\"eael-entry-content\">\n                        <div class=\"eael-grid-post-excerpt\"><p>Merci \u00e0 FRANCE VIDEO et Anthony CARRISSIMOUX pour le montage...<\/p><\/div>\n                    <\/div><\/div><\/div>\n        <\/div>\n    <\/article><article class=\"eael-grid-post  eael-post-grid-column eael-pg-post-5415 category-2018-gala\" data-id=\"5415\">\n        <div class=\"eael-grid-post-holder\">\n            <div class=\"eael-grid-post-holder-inner\"><div class=\"eael-entry-media\"><div class=\"eael-entry-overlay fade-in\"><i class=\"fas fa-long-arrow-alt-right\" aria-hidden=\"true\"><\/i><a href=\"https:\/\/epwlm.com\/index.php\/2018\/12\/20\/vacances-de-noel-gala-des-competiteurs\/\"><\/a><\/div><div class=\"eael-entry-thumbnail \">\n                <img loading=\"lazy\" decoding=\"async\" width=\"300\" height=\"169\" src=\"https:\/\/epwlm.com\/wp-content\/uploads\/2019\/01\/48378383_2245825432108075_1606237521535041536_n-300x169.jpg\" class=\"attachment-medium size-medium wp-image-5416\" alt=\"\" srcset=\"https:\/\/epwlm.com\/wp-content\/uploads\/2019\/01\/48378383_2245825432108075_1606237521535041536_n-300x169.jpg 300w, https:\/\/epwlm.com\/wp-content\/uploads\/2019\/01\/48378383_2245825432108075_1606237521535041536_n-768x432.jpg 768w, https:\/\/epwlm.com\/wp-content\/uploads\/2019\/01\/48378383_2245825432108075_1606237521535041536_n.jpg 960w\" sizes=\"(max-width: 300px) 100vw, 300px\" \/>\n            <\/div>\n        <\/div><div class=\"eael-entry-wrapper\"><header class=\"eael-entry-header\"><h2 class=\"eael-entry-title\"><a class=\"eael-grid-post-link\" href=\"https:\/\/epwlm.com\/index.php\/2018\/12\/20\/vacances-de-noel-gala-des-competiteurs\/\" title=\"Vacances de No\u00ebl &#8211; Gala des comp\u00e9titeurs\">Vacances de No\u00ebl &#8211; Gala des comp\u00e9titeurs<\/a><\/h2><\/header><div class=\"eael-entry-content\">\n                        <div class=\"eael-grid-post-excerpt\"><p>J-1 des vacances de Noel &#8230; mais l&#8217;EPWLM n&#8217;est pas...<\/p><\/div>\n                    <\/div><\/div><\/div>\n        <\/div>\n    <\/article><article class=\"eael-grid-post  eael-post-grid-column eael-pg-post-5409 category-2018-gala\" data-id=\"5409\">\n        <div class=\"eael-grid-post-holder\">\n            <div class=\"eael-grid-post-holder-inner\"><div class=\"eael-entry-media\"><div class=\"eael-entry-overlay fade-in\"><i class=\"fas fa-long-arrow-alt-right\" aria-hidden=\"true\"><\/i><a href=\"https:\/\/epwlm.com\/index.php\/2018\/12\/17\/meilleurs-voeux-2019\/\"><\/a><\/div><div class=\"eael-entry-thumbnail \">\n                <img loading=\"lazy\" decoding=\"async\" width=\"216\" height=\"233\" src=\"https:\/\/epwlm.com\/wp-content\/uploads\/2019\/01\/HNY.jpg\" class=\"attachment-medium size-medium wp-image-5413\" alt=\"\" \/>\n            <\/div>\n        <\/div><div class=\"eael-entry-wrapper\"><header class=\"eael-entry-header\"><h2 class=\"eael-entry-title\"><a class=\"eael-grid-post-link\" href=\"https:\/\/epwlm.com\/index.php\/2018\/12\/17\/meilleurs-voeux-2019\/\" title=\"Gala Noel 2018 &#8211; bravo\">Gala Noel 2018 &#8211; bravo<\/a><\/h2><\/header><div class=\"eael-entry-content\">\n                        <div class=\"eael-grid-post-excerpt\"><p>Je tiens particuli\u00e8rement \u00e0 remercier tous les patineuses, patineurs et...<\/p><\/div>\n                    <\/div><\/div><\/div>\n        <\/div>\n    <\/article><article class=\"eael-grid-post  eael-post-grid-column eael-pg-post-5391 category-2018-gala\" data-id=\"5391\">\n        <div class=\"eael-grid-post-holder\">\n            <div class=\"eael-grid-post-holder-inner\"><div class=\"eael-entry-media\"><div class=\"eael-entry-overlay fade-in\"><i class=\"fas fa-long-arrow-alt-right\" aria-hidden=\"true\"><\/i><a href=\"https:\/\/epwlm.com\/index.php\/2018\/12\/15\/gala-de-noel-15-16-decembre-2018\/\"><\/a><\/div><div class=\"eael-entry-thumbnail \">\n                <img loading=\"lazy\" decoding=\"async\" width=\"212\" height=\"300\" src=\"https:\/\/epwlm.com\/wp-content\/uploads\/2018\/12\/48350125_2236934276330524_7762216410339606528_n-212x300.jpg\" class=\"attachment-medium size-medium wp-image-5392\" alt=\"\" srcset=\"https:\/\/epwlm.com\/wp-content\/uploads\/2018\/12\/48350125_2236934276330524_7762216410339606528_n-212x300.jpg 212w, https:\/\/epwlm.com\/wp-content\/uploads\/2018\/12\/48350125_2236934276330524_7762216410339606528_n.jpg 679w\" sizes=\"(max-width: 212px) 100vw, 212px\" \/>\n            <\/div>\n        <\/div><div class=\"eael-entry-wrapper\"><header class=\"eael-entry-header\"><h2 class=\"eael-entry-title\"><a class=\"eael-grid-post-link\" href=\"https:\/\/epwlm.com\/index.php\/2018\/12\/15\/gala-de-noel-15-16-decembre-2018\/\" title=\"GALA de Noel &#8211; 15-16 d\u00e9cembre 2018\">GALA de Noel &#8211; 15-16 d\u00e9cembre 2018<\/a><\/h2><\/header><div class=\"eael-entry-content\">\n                        <div class=\"eael-grid-post-excerpt\"><p>Le club EPWLM se pr\u00e9pare pour le GALA de Noel...<\/p><\/div>\n                    <\/div><\/div><\/div>\n        <\/div>\n    <\/article><article class=\"eael-grid-post  eael-post-grid-column eael-pg-post-4934 category-2018-gala-presse-wasquehal\" data-id=\"4934\">\n        <div class=\"eael-grid-post-holder\">\n            <div class=\"eael-grid-post-holder-inner\"><div class=\"eael-entry-media\"><div class=\"eael-entry-overlay fade-in\"><i class=\"fas fa-long-arrow-alt-right\" aria-hidden=\"true\"><\/i><a href=\"https:\/\/epwlm.com\/index.php\/2018\/06\/30\/fin-de-saison-2017-2018\/\"><\/a><\/div><div class=\"eael-entry-thumbnail \">\n                <img loading=\"lazy\" decoding=\"async\" width=\"300\" height=\"234\" src=\"https:\/\/epwlm.com\/wp-content\/uploads\/2018\/09\/12642818_1093946647295965_3447925816791475286_n-300x234.jpg\" class=\"attachment-medium size-medium wp-image-4935\" alt=\"\" srcset=\"https:\/\/epwlm.com\/wp-content\/uploads\/2018\/09\/12642818_1093946647295965_3447925816791475286_n-300x234.jpg 300w, https:\/\/epwlm.com\/wp-content\/uploads\/2018\/09\/12642818_1093946647295965_3447925816791475286_n-768x598.jpg 768w, https:\/\/epwlm.com\/wp-content\/uploads\/2018\/09\/12642818_1093946647295965_3447925816791475286_n-600x468.jpg 600w, https:\/\/epwlm.com\/wp-content\/uploads\/2018\/09\/12642818_1093946647295965_3447925816791475286_n.jpg 960w\" sizes=\"(max-width: 300px) 100vw, 300px\" \/>\n            <\/div>\n        <\/div><div class=\"eael-entry-wrapper\"><header class=\"eael-entry-header\"><h2 class=\"eael-entry-title\"><a class=\"eael-grid-post-link\" href=\"https:\/\/epwlm.com\/index.php\/2018\/06\/30\/fin-de-saison-2017-2018\/\" title=\"Fin de saison 2017-2018\">Fin de saison 2017-2018<\/a><\/h2><\/header><div class=\"eael-entry-content\">\n                        <div class=\"eael-grid-post-excerpt\"><p>La saison 2017 &#8211; 2018 est termin\u00e9e mais laisse place...<\/p><\/div>\n                    <\/div><\/div><\/div>\n        <\/div>\n    <\/article><article class=\"eael-grid-post  eael-post-grid-column eael-pg-post-4745 category-2018-gala\" data-id=\"4745\">\n        <div class=\"eael-grid-post-holder\">\n            <div class=\"eael-grid-post-holder-inner\"><div class=\"eael-entry-media\"><div class=\"eael-entry-overlay fade-in\"><i class=\"fas fa-long-arrow-alt-right\" aria-hidden=\"true\"><\/i><a href=\"https:\/\/epwlm.com\/index.php\/2018\/05\/23\/gala-de-mai-2018\/\"><\/a><\/div><div class=\"eael-entry-thumbnail \">\n                <img loading=\"lazy\" decoding=\"async\" width=\"300\" height=\"223\" src=\"https:\/\/epwlm.com\/wp-content\/uploads\/2018\/05\/33030061_1928022793888342_7458278844865183744_n-300x223.png\" class=\"attachment-medium size-medium wp-image-4759\" alt=\"\" srcset=\"https:\/\/epwlm.com\/wp-content\/uploads\/2018\/05\/33030061_1928022793888342_7458278844865183744_n-300x223.png 300w, https:\/\/epwlm.com\/wp-content\/uploads\/2018\/05\/33030061_1928022793888342_7458278844865183744_n-768x570.png 768w, https:\/\/epwlm.com\/wp-content\/uploads\/2018\/05\/33030061_1928022793888342_7458278844865183744_n-600x446.png 600w, https:\/\/epwlm.com\/wp-content\/uploads\/2018\/05\/33030061_1928022793888342_7458278844865183744_n.png 960w\" sizes=\"(max-width: 300px) 100vw, 300px\" \/>\n            <\/div>\n        <\/div><div class=\"eael-entry-wrapper\"><header class=\"eael-entry-header\"><h2 class=\"eael-entry-title\"><a class=\"eael-grid-post-link\" href=\"https:\/\/epwlm.com\/index.php\/2018\/05\/23\/gala-de-mai-2018\/\" title=\"GALA DU 26 &#038; 27 MAI 2018 &#8211; 18h30\">GALA DU 26 &#038; 27 MAI 2018 &#8211; 18h30<\/a><\/h2><\/header><div class=\"eael-entry-content\">\n                        <div class=\"eael-grid-post-excerpt\"><p>Samedi 26 MAI et dimanche 27 MAI de 18h30 \u00e0...<\/p><\/div>\n                    <\/div><\/div><\/div>\n        <\/div>\n    <\/article><article class=\"eael-grid-post  eael-post-grid-column eael-pg-post-4230 category-2018-gala\" data-id=\"4230\">\n        <div class=\"eael-grid-post-holder\">\n            <div class=\"eael-grid-post-holder-inner\"><div class=\"eael-entry-media\"><div class=\"eael-entry-overlay fade-in\"><i class=\"fas fa-long-arrow-alt-right\" aria-hidden=\"true\"><\/i><a href=\"https:\/\/epwlm.com\/index.php\/2018\/04\/29\/gala-epwlm-du-26-27-mai-2018-sondage-patineurs\/\"><\/a><\/div><div class=\"eael-entry-thumbnail \">\n                <img loading=\"lazy\" decoding=\"async\" width=\"275\" height=\"183\" src=\"https:\/\/epwlm.com\/wp-content\/uploads\/2018\/04\/images.jpg\" class=\"attachment-medium size-medium wp-image-4639\" alt=\"\" \/>\n            <\/div>\n        <\/div><div class=\"eael-entry-wrapper\"><header class=\"eael-entry-header\"><h2 class=\"eael-entry-title\"><a class=\"eael-grid-post-link\" href=\"https:\/\/epwlm.com\/index.php\/2018\/04\/29\/gala-epwlm-du-26-27-mai-2018-sondage-patineurs\/\" title=\"Gala EPWLM du 26 &#038; 27 mai 2018 &#8211; sondage Patineurs\">Gala EPWLM du 26 &#038; 27 mai 2018 &#8211; sondage Patineurs<\/a><\/h2><\/header><div class=\"eael-entry-content\">\n                        <div class=\"eael-grid-post-excerpt\"><p>Bonjour \u00e0 tous et \u00e0 toutes, Nous souhaiterions faire un...<\/p><\/div>\n                    <\/div><\/div><\/div>\n        <\/div>\n    <\/article><article class=\"eael-grid-post  eael-post-grid-column eael-pg-post-4083 category-2018-gala-presse\" data-id=\"4083\">\n        <div class=\"eael-grid-post-holder\">\n            <div class=\"eael-grid-post-holder-inner\"><div class=\"eael-entry-wrapper\"><header class=\"eael-entry-header\"><h2 class=\"eael-entry-title\"><a class=\"eael-grid-post-link\" href=\"https:\/\/epwlm.com\/index.php\/2018\/02\/21\/epwlm-gare-saint-sauveur-24-2-et-16-3-venez-nombreux\/\" title=\"EPWLM &#8211; Gare Saint Sauveur &#8211; 24\/2 et 16\/3 &#8211; venez nombreux !\">EPWLM &#8211; Gare Saint Sauveur &#8211; 24\/2 et 16\/3 &#8211; venez nombreux !<\/a><\/h2><\/header><div class=\"eael-entry-content\">\n                        <div class=\"eael-grid-post-excerpt\"><p>Cette saison le club est partenaire de LILLE NEIGE qui...<\/p><\/div>\n                    <\/div><\/div><\/div>\n        <\/div>\n    <\/article><article class=\"eael-grid-post  eael-post-grid-column eael-pg-post-4044 category-2018-competition-synchro-competitions-artistiques-competitions-danses-gala-wasquehal\" data-id=\"4044\">\n        <div class=\"eael-grid-post-holder\">\n            <div class=\"eael-grid-post-holder-inner\"><div class=\"eael-entry-wrapper\"><header class=\"eael-entry-header\"><h2 class=\"eael-entry-title\"><a class=\"eael-grid-post-link\" href=\"https:\/\/epwlm.com\/index.php\/2018\/02\/12\/gala-des-competiteurs-janvier-2018-teasing\/\" title=\"Gala des comp\u00e9titeurs &#8211; Janvier 2018 &#8211; Teasing\">Gala des comp\u00e9titeurs &#8211; Janvier 2018 &#8211; Teasing<\/a><\/h2><\/header><div class=\"eael-entry-content\">\n                        <div class=\"eael-grid-post-excerpt\"><p>https:\/\/youtu.be\/g4AtDbPwyxE<\/p><\/div>\n                    <\/div><\/div><\/div>\n        <\/div>\n    <\/article><article class=\"eael-grid-post  eael-post-grid-column eael-pg-post-3852 category-2018-gala-wasquehal\" data-id=\"3852\">\n        <div class=\"eael-grid-post-holder\">\n            <div class=\"eael-grid-post-holder-inner\"><div class=\"eael-entry-wrapper\"><header class=\"eael-entry-header\"><h2 class=\"eael-entry-title\"><a class=\"eael-grid-post-link\" href=\"https:\/\/epwlm.com\/index.php\/2018\/01\/24\/gala-des-competiteurs-janvier-2018-22\/\" title=\"Gala des comp\u00e9titeurs janvier 2018 2\/2\">Gala des comp\u00e9titeurs janvier 2018 2\/2<\/a><\/h2><\/header><div class=\"eael-entry-content\">\n                        <div class=\"eael-grid-post-excerpt\"><p><\/p><\/div>\n                    <\/div><\/div><\/div>\n        <\/div>\n    <\/article><article class=\"eael-grid-post  eael-post-grid-column eael-pg-post-3798 category-2018-gala\" data-id=\"3798\">\n        <div class=\"eael-grid-post-holder\">\n            <div class=\"eael-grid-post-holder-inner\"><div class=\"eael-entry-wrapper\"><header class=\"eael-entry-header\"><h2 class=\"eael-entry-title\"><a class=\"eael-grid-post-link\" href=\"https:\/\/epwlm.com\/index.php\/2018\/01\/09\/gala-des-competiteurs-16-janvier-2018\/\" title=\"Gala des comp\u00e9titeurs &#8211; 16 janvier 2018\">Gala des comp\u00e9titeurs &#8211; 16 janvier 2018<\/a><\/h2><\/header><div class=\"eael-entry-content\">\n                        <div class=\"eael-grid-post-excerpt\"><p>Au nom de toute l&#8217;\u00e9quipe du club EPWLM je vous...<\/p><\/div>\n                    <\/div><\/div><\/div>\n        <\/div>\n    <\/article><article class=\"eael-grid-post  eael-post-grid-column eael-pg-post-3779 category-2017-gala\" data-id=\"3779\">\n        <div class=\"eael-grid-post-holder\">\n            <div class=\"eael-grid-post-holder-inner\"><div class=\"eael-entry-wrapper\"><header class=\"eael-entry-header\"><h2 class=\"eael-entry-title\"><a class=\"eael-grid-post-link\" href=\"https:\/\/epwlm.com\/index.php\/2017\/12\/19\/gala-de-noel-2017\/\" title=\"Gala de Noel 2017\">Gala de Noel 2017<\/a><\/h2><\/header><div class=\"eael-entry-content\">\n                        <div class=\"eael-grid-post-excerpt\"><p>En direct du gala de No\u00ebl &#8230;.ambiance fluo avec tous...<\/p><\/div>\n                    <\/div><\/div><\/div>\n        <\/div>\n    <\/article><article class=\"eael-grid-post  eael-post-grid-column eael-pg-post-3746 category-2017-gala-non-classe\" data-id=\"3746\">\n        <div class=\"eael-grid-post-holder\">\n            <div class=\"eael-grid-post-holder-inner\"><div class=\"eael-entry-wrapper\"><header class=\"eael-entry-header\"><h2 class=\"eael-entry-title\"><a class=\"eael-grid-post-link\" href=\"https:\/\/epwlm.com\/index.php\/2017\/12\/16\/gala-noel-17-decembre-2017\/\" title=\"GALA No\u00ebl &#8211; 17 d\u00e9cembre 2017\">GALA No\u00ebl &#8211; 17 d\u00e9cembre 2017<\/a><\/h2><\/header><div class=\"eael-entry-content\">\n                        <div class=\"eael-grid-post-excerpt\"><p>Le Gala EPWLM pour un NOEL Fluo ce soir dimanche...<\/p><\/div>\n                    <\/div><\/div><\/div>\n        <\/div>\n    <\/article><article class=\"eael-grid-post  eael-post-grid-column eael-pg-post-3564 category-2017-gala\" data-id=\"3564\">\n        <div class=\"eael-grid-post-holder\">\n            <div class=\"eael-grid-post-holder-inner\"><div class=\"eael-entry-wrapper\"><header class=\"eael-entry-header\"><h2 class=\"eael-entry-title\"><a class=\"eael-grid-post-link\" href=\"https:\/\/epwlm.com\/index.php\/2017\/11\/20\/sondage-de-presence-pour-le-gala-de-noel-du-club-2017\/\" title=\"sondage pour le GALA de Noel du club 2017\">sondage pour le GALA de Noel du club 2017<\/a><\/h2><\/header><div class=\"eael-entry-content\">\n                        <div class=\"eael-grid-post-excerpt\"><p>Bonjour \u00e0 tous et \u00e0 toutes, Nous souhaiterions faire un...<\/p><\/div>\n                    <\/div><\/div><\/div>\n        <\/div>\n    <\/article><article class=\"eael-grid-post  eael-post-grid-column eael-pg-post-2769 category-2017-gala\" data-id=\"2769\">\n        <div class=\"eael-grid-post-holder\">\n            <div class=\"eael-grid-post-holder-inner\"><div class=\"eael-entry-media\"><div class=\"eael-entry-overlay fade-in\"><i class=\"fas fa-long-arrow-alt-right\" aria-hidden=\"true\"><\/i><a href=\"https:\/\/epwlm.com\/index.php\/2017\/05\/18\/gala-2017-20-21-mai-inscriptions-en-ligne-ouvertes-patineurs-et-benevoles\/\"><\/a><\/div><div class=\"eael-entry-thumbnail \">\n                <img loading=\"lazy\" decoding=\"async\" width=\"300\" height=\"198\" src=\"https:\/\/epwlm.com\/wp-content\/uploads\/2017\/05\/18342182_1514347565255869_4524693509893573450_n-300x198.png\" class=\"attachment-medium size-medium wp-image-3040\" alt=\"\" srcset=\"https:\/\/epwlm.com\/wp-content\/uploads\/2017\/05\/18342182_1514347565255869_4524693509893573450_n-300x198.png 300w, https:\/\/epwlm.com\/wp-content\/uploads\/2017\/05\/18342182_1514347565255869_4524693509893573450_n.png 477w\" sizes=\"(max-width: 300px) 100vw, 300px\" \/>\n            <\/div>\n        <\/div><div class=\"eael-entry-wrapper\"><header class=\"eael-entry-header\"><h2 class=\"eael-entry-title\"><a class=\"eael-grid-post-link\" href=\"https:\/\/epwlm.com\/index.php\/2017\/05\/18\/gala-2017-20-21-mai-inscriptions-en-ligne-ouvertes-patineurs-et-benevoles\/\" title=\"Gala 2017 \u2013 20 &#038; 21 mai &#8211; J-2\">Gala 2017 \u2013 20 &#038; 21 mai &#8211; J-2<\/a><\/h2><\/header><div class=\"eael-entry-content\">\n                        <div class=\"eael-grid-post-excerpt\"><p>GALA EPWLM : 365jours J-2 La fin de saison approche...<\/p><\/div>\n                    <\/div><\/div><\/div>\n        <\/div>\n    <\/article><article class=\"eael-grid-post  eael-post-grid-column eael-pg-post-2009 category-2016-gala-non-classe tags-gala\" data-id=\"2009\">\n        <div class=\"eael-grid-post-holder\">\n            <div class=\"eael-grid-post-holder-inner\"><div class=\"eael-entry-media\"><div class=\"eael-entry-overlay fade-in\"><i class=\"fas fa-long-arrow-alt-right\" aria-hidden=\"true\"><\/i><a href=\"https:\/\/epwlm.com\/index.php\/2016\/12\/02\/gala-de-noel-2016-dimanche-18-decembre\/\"><\/a><\/div><div class=\"eael-entry-thumbnail \">\n                <img loading=\"lazy\" decoding=\"async\" width=\"300\" height=\"211\" src=\"https:\/\/epwlm.com\/wp-content\/uploads\/2016\/11\/14962725_1310274078996553_5942902859563725964_n-1-300x211.jpg\" class=\"attachment-medium size-medium wp-image-2011\" alt=\"\" srcset=\"https:\/\/epwlm.com\/wp-content\/uploads\/2016\/11\/14962725_1310274078996553_5942902859563725964_n-1-300x211.jpg 300w, https:\/\/epwlm.com\/wp-content\/uploads\/2016\/11\/14962725_1310274078996553_5942902859563725964_n-1-768x541.jpg 768w, https:\/\/epwlm.com\/wp-content\/uploads\/2016\/11\/14962725_1310274078996553_5942902859563725964_n-1-600x423.jpg 600w, https:\/\/epwlm.com\/wp-content\/uploads\/2016\/11\/14962725_1310274078996553_5942902859563725964_n-1.jpg 960w\" sizes=\"(max-width: 300px) 100vw, 300px\" \/>\n            <\/div>\n        <\/div><div class=\"eael-entry-wrapper\"><header class=\"eael-entry-header\"><h2 class=\"eael-entry-title\"><a class=\"eael-grid-post-link\" href=\"https:\/\/epwlm.com\/index.php\/2016\/12\/02\/gala-de-noel-2016-dimanche-18-decembre\/\" title=\"Gala de No\u00ebl 2016 &#8211; dimanche 18 d\u00e9cembre\">Gala de No\u00ebl 2016 &#8211; dimanche 18 d\u00e9cembre<\/a><\/h2><\/header><div class=\"eael-entry-content\">\n                        <div class=\"eael-grid-post-excerpt\"><p>Le gala de Noel du club approche&#8230;. Dimanche 18 D\u00e9cembre...<\/p><\/div>\n                    <\/div><\/div><\/div>\n        <\/div>\n    <\/article><article class=\"eael-grid-post  eael-post-grid-column eael-pg-post-1370 category-2016-gala\" data-id=\"1370\">\n        <div class=\"eael-grid-post-holder\">\n            <div class=\"eael-grid-post-holder-inner\"><div class=\"eael-entry-media\"><div class=\"eael-entry-overlay fade-in\"><i class=\"fas fa-long-arrow-alt-right\" aria-hidden=\"true\"><\/i><a href=\"https:\/\/epwlm.com\/index.php\/2016\/05\/29\/gala-epwlm-acte-ii-ce-soir-a-partir-de-18h15\/\"><\/a><\/div><div class=\"eael-entry-thumbnail \">\n                <img loading=\"lazy\" decoding=\"async\" width=\"300\" height=\"169\" src=\"https:\/\/epwlm.com\/wp-content\/uploads\/2016\/05\/13239946_497325173794553_1038709050820743388_n-300x169.jpg\" class=\"attachment-medium size-medium wp-image-1371\" alt=\"\" srcset=\"https:\/\/epwlm.com\/wp-content\/uploads\/2016\/05\/13239946_497325173794553_1038709050820743388_n-300x169.jpg 300w, https:\/\/epwlm.com\/wp-content\/uploads\/2016\/05\/13239946_497325173794553_1038709050820743388_n.jpg 480w\" sizes=\"(max-width: 300px) 100vw, 300px\" \/>\n            <\/div>\n        <\/div><div class=\"eael-entry-wrapper\"><header class=\"eael-entry-header\"><h2 class=\"eael-entry-title\"><a class=\"eael-grid-post-link\" href=\"https:\/\/epwlm.com\/index.php\/2016\/05\/29\/gala-epwlm-acte-ii-ce-soir-a-partir-de-18h15\/\" title=\"GALA EPWLM\">GALA EPWLM<\/a><\/h2><\/header><div class=\"eael-entry-content\">\n                        <div class=\"eael-grid-post-excerpt\"><p>GALA EPWLM ACTE II\u00a0 avec tous les patineurs du club...<\/p><\/div>\n                    <\/div><\/div><\/div>\n        <\/div>\n    <\/article><\/div>\n            <div class=\"clearfix\"><\/div>\n        <\/div>\t\t\t\t<\/div>\n\t\t\t\t<\/div>\n\t\t\t\t\t<\/div>\n\t\t<\/div>\n\t\t\t\t\t<\/div>\n\t\t<\/section>\n\t\t\t\t<\/div>\n\t\t","protected":false},"excerpt":{"rendered":"<p>GALA OU KERMESSE EPWLM Soir\u00e9e Club EPWLM dimanche 12 MAI 2019 La patinoire fermera&#8230; Gala des comp\u00e9titeurs de janvier 2019 Merci \u00e0 FRANCE VIDEO et Anthony CARRISSIMOUX pour le montage&#8230; Vacances de No\u00ebl \u2013 Gala des comp\u00e9titeurs J-1 des vacances de Noel \u2026 mais l\u2019EPWLM n\u2019est pas&#8230; Gala Noel 2018 \u2013 bravo Je tiens particuli\u00e8rement&hellip;&nbsp;<a href=\"https:\/\/epwlm.com\/index.php\/2016\/05\/29\/gala-epwlm-acte-ii-ce-soir-a-partir-de-18h15\/\" rel=\"bookmark\">Lire la suite &raquo;<span class=\"screen-reader-text\">GALA EPWLM<\/span><\/a><\/p>\n","protected":false},"author":1,"featured_media":0,"parent":0,"menu_order":0,"comment_status":"closed","ping_status":"closed","template":"","meta":{"_monsterinsights_skip_tracking":false,"_monsterinsights_sitenote_active":false,"_monsterinsights_sitenote_note":"","_monsterinsights_sitenote_category":0,"neve_meta_sidebar":"","neve_meta_container":"","neve_meta_enable_content_width":"","neve_meta_content_width":0,"neve_meta_title_alignment":"","neve_meta_author_avatar":"","neve_post_elements_order":"","neve_meta_disable_header":"","neve_meta_disable_footer":"","neve_meta_disable_title":"","ngg_post_thumbnail":0,"jetpack_post_was_ever_published":false,"footnotes":""},"class_list":["post-6405","page","type-page","status-publish","hentry"],"jetpack_sharing_enabled":true,"jetpack_shortlink":"https:\/\/wp.me\/P9UovH-1Fj","_links":{"self":[{"href":"https:\/\/epwlm.com\/index.php\/wp-json\/wp\/v2\/pages\/6405","targetHints":{"allow":["GET"]}}],"collection":[{"href":"https:\/\/epwlm.com\/index.php\/wp-json\/wp\/v2\/pages"}],"about":[{"href":"https:\/\/epwlm.com\/index.php\/wp-json\/wp\/v2\/types\/page"}],"author":[{"embeddable":true,"href":"https:\/\/epwlm.com\/index.php\/wp-json\/wp\/v2\/users\/1"}],"replies":[{"embeddable":true,"href":"https:\/\/epwlm.com\/index.php\/wp-json\/wp\/v2\/comments?post=6405"}],"version-history":[{"count":3,"href":"https:\/\/epwlm.com\/index.php\/wp-json\/wp\/v2\/pages\/6405\/revisions"}],"predecessor-version":[{"id":6408,"href":"https:\/\/epwlm.com\/index.php\/wp-json\/wp\/v2\/pages\/6405\/revisions\/6408"}],"wp:attachment":[{"href":"https:\/\/epwlm.com\/index.php\/wp-json\/wp\/v2\/media?parent=6405"}],"curies":[{"name":"wp","href":"https:\/\/api.w.org\/{rel}","templated":true}]}}